{"id":50,"date":"2014-05-06T17:56:49","date_gmt":"2014-05-06T15:56:49","guid":{"rendered":"http:\/\/veroniqueweber.de\/wordpress\/?page_id=50"},"modified":"2022-01-09T22:48:34","modified_gmt":"2022-01-09T20:48:34","slug":"vita-2","status":"publish","type":"page","link":"https:\/\/veroniqueweber.de\/?page_id=50","title":{"rendered":"Vita"},"content":{"rendered":"<table>\n<tbody>\n<tr>\n<td>Name:<\/td>\n<td>Weber<\/td>\n<\/tr>\n<tr>\n<td>Vorname:<\/td>\n<td>V\u00e9ronique<\/td>\n<\/tr>\n<tr>\n<td>Geburtsdatum:<\/td>\n<td>10. Januar 1987<\/td>\n<\/tr>\n<tr>\n<td>Geburtsort:<\/td>\n<td>Karlsruhe-Durlach<\/td>\n<\/tr>\n<tr>\n<td>Gr\u00f6\u00dfe:<\/td>\n<td>161 cm<\/td>\n<\/tr>\n<tr>\n<td>Haarfarbe:<\/td>\n<td>blond<\/td>\n<\/tr>\n<tr>\n<td>Augenfarbe:<\/td>\n<td>blau<\/td>\n<\/tr>\n<tr>\n<td>Schuhgr\u00f6\u00dfe:<\/td>\n<td>36<\/td>\n<\/tr>\n<tr>\n<td>Kleidergr\u00f6\u00dfe:<\/td>\n<td>36<\/td>\n<\/tr>\n<tr>\n<td>Stimmlage:<\/td>\n<td>Sopran<\/td>\n<\/tr>\n<tr>\n<td>Besondere F\u00e4higkeiten:<\/td>\n<td>Tanz (Ballett, Modern, Jazz, Latein, Standard), B\u00fchnenkampf\/Fechten, Pantomime (Grundkenntnisse), Puppenspiel<\/td>\n<\/tr>\n<tr>\n<td>Sprachen:<\/td>\n<td>Deutsch, Italienisch, Spanisch, Englisch<\/td>\n<\/tr>\n<tr>\n<td>Dialekt:<\/td>\n<td>Badisch<\/td>\n<\/tr>\n<\/tbody>\n<\/table>\n<p><strong>Ausbildung<\/strong><\/p>\n<table>\n<tbody>\n<tr>\n<td>2003 \u2013 2005<\/td>\n<td>staatl. anerk. Ballettschule Lagunilla &amp; Ranjerrink, Karlsruhe<\/td>\n<\/tr>\n<tr>\n<td>2010 \u2013 2014<\/td>\n<td>staatl. anerk. \u201eFreiburger Schauspielschule im E-Werk\u201c<\/td>\n<\/tr>\n<tr>\n<td>2011<\/td>\n<td>Act! Demovideo Schauspielworkshop<\/td>\n<\/tr>\n<tr>\n<td>2013<\/td>\n<td>Aufnahme in die ZAV<\/td>\n<\/tr>\n<tr>\n<td>2011 \u2013 2014<\/td>\n<td>Zus\u00e4tzlicher privater Schauspielunterricht bei<br \/>\nHolger Kunkel (Schauspieldozent an der Folkwang Hochschule Essen-Werden) und<br \/>\nMarkus L\u00f6chner (Schauspieler am Stadttheater Pforzheim)<\/td>\n<\/tr>\n<tr>\n<td>2018<\/td>\n<td>Synchronkurs bei Peter Minges, Fritztone<\/td>\n<\/tr>\n<\/tbody>\n<\/table>\n<p>Berufserfahrung<\/p>\n<ul>\n<li><strong><a href=\"http:\/\/veroniqueweber.de\/?page_id=59\">als B\u00fchnenschauspielerin<\/a><\/strong><\/li>\n<li><strong><a href=\"http:\/\/veroniqueweber.de\/?page_id=57\">als Film- und Fernsehschauspielerin<\/a><\/strong><\/li>\n<li><strong><a href=\"http:\/\/veroniqueweber.de\/?page_id=662\">als Sprecherin<\/a><\/strong><\/li>\n<\/ul>\n","protected":false},"excerpt":{"rendered":"<p>Name: Weber Vorname: V\u00e9ronique Geburtsdatum: 10. Januar 1987 Geburtsort: Karlsruhe-Durlach Gr\u00f6\u00dfe: 161 cm Haarfarbe: blond Augenfarbe: blau Schuhgr\u00f6\u00dfe: 36 Kleidergr\u00f6\u00dfe: 36 Stimmlage: Sopran Besondere F\u00e4higkeiten: Tanz (Ballett, Modern, Jazz, Latein, Standard), B\u00fchnenkampf\/Fechten, Pantomime (Grundkenntnisse), Puppenspiel Sprachen: Deutsch, Italienisch, Spanisch, Englisch Dialekt: Badisch Ausbildung 2003 \u2013 2005 staatl. anerk. Ballettschule Lagunilla &amp; Ranjerrink, Karlsruhe 2010 \u2013&hellip;<a href=\"https:\/\/veroniqueweber.de\/?page_id=50\" class=\"button\">Weiterlesen <span class=\"screen-reader-text\">Vita<\/span><\/a><\/p>\n","protected":false},"author":1,"featured_media":1034,"parent":0,"menu_order":0,"comment_status":"closed","ping_status":"closed","template":"","meta":{"ngg_post_thumbnail":0},"_links":{"self":[{"href":"https:\/\/veroniqueweber.de\/index.php?rest_route=\/wp\/v2\/pages\/50"}],"collection":[{"href":"https:\/\/veroniqueweber.de\/index.php?rest_route=\/wp\/v2\/pages"}],"about":[{"href":"https:\/\/veroniqueweber.de\/index.php?rest_route=\/wp\/v2\/types\/page"}],"author":[{"embeddable":true,"href":"https:\/\/veroniqueweber.de\/index.php?rest_route=\/wp\/v2\/users\/1"}],"replies":[{"embeddable":true,"href":"https:\/\/veroniqueweber.de\/index.php?rest_route=%2Fwp%2Fv2%2Fcomments&post=50"}],"version-history":[{"count":28,"href":"https:\/\/veroniqueweber.de\/index.php?rest_route=\/wp\/v2\/pages\/50\/revisions"}],"predecessor-version":[{"id":1048,"href":"https:\/\/veroniqueweber.de\/index.php?rest_route=\/wp\/v2\/pages\/50\/revisions\/1048"}],"wp:featuredmedia":[{"embeddable":true,"href":"https:\/\/veroniqueweber.de\/index.php?rest_route=\/wp\/v2\/media\/1034"}],"wp:attachment":[{"href":"https:\/\/veroniqueweber.de\/index.php?rest_route=%2Fwp%2Fv2%2Fmedia&parent=50"}],"curies":[{"name":"wp","href":"https:\/\/api.w.org\/{rel}","templated":true}]}}